{"id":242687,"date":"2024-07-20T15:34:18","date_gmt":"2024-07-20T15:34:18","guid":{"rendered":"https:\/\/conjuntoheritagetaller.net\/?page_id=242687"},"modified":"2026-03-09T13:33:34","modified_gmt":"2026-03-09T18:33:34","slug":"our-instructors","status":"publish","type":"page","link":"https:\/\/conjuntoheritagetaller.net\/es\/our-instructors\/","title":{"rendered":"Our Instructors"},"content":{"rendered":"<p>[et_pb_section fb_built=&#8221;1&#8243; custom_padding_last_edited=&#8221;on|phone&#8221; admin_label=&#8221;Header&#8221; _builder_version=&#8221;4.27.2&#8243; background_enable_color=&#8221;off&#8221; background_enable_image=&#8221;off&#8221; background_blend=&#8221;soft-light&#8221; height=&#8221;600px&#8221; custom_margin=&#8221;90px||||false|false&#8221; custom_padding=&#8221;170px||182px||false|false&#8221; custom_padding_tablet=&#8221;&#8221; custom_padding_phone=&#8221;100px||100px||true|false&#8221; global_colors_info=&#8221;{}&#8221;][et_pb_row use_custom_gutter=&#8221;on&#8221; gutter_width=&#8221;2&#8243; make_equal=&#8221;on&#8221; _builder_version=&#8221;4.18.0&#8243; width=&#8221;90%&#8221; width_tablet=&#8221;90%&#8221; width_phone=&#8221;90%&#8221; width_last_edited=&#8221;on|tablet&#8221; max_width_tablet=&#8221;90%&#8221; max_width_phone=&#8221;90%&#8221; max_width_last_edited=&#8221;off|desktop&#8221; custom_padding=&#8221;0px||0px||true|false&#8221; global_colors_info=&#8221;{}&#8221;][et_pb_column type=&#8221;4_4&#8243; _builder_version=&#8221;4.16&#8243; global_colors_info=&#8221;{}&#8221;][et_pb_text _builder_version=&#8221;4.27.3&#8243; header_font=&#8221;Poppins|600|||||||&#8221; header_text_align=&#8221;center&#8221; header_text_color=&#8221;#ffffff&#8221; header_font_size=&#8221;80px&#8221; header_letter_spacing=&#8221;-1px&#8221; custom_margin=&#8221;50px||||false|false&#8221; animation_direction=&#8221;right&#8221; header_font_size_tablet=&#8221;60px&#8221; header_font_size_phone=&#8221;40px&#8221; header_font_size_last_edited=&#8221;on|phone&#8221; header_line_height_tablet=&#8221;&#8221; header_line_height_phone=&#8221;1.1em&#8221; header_line_height_last_edited=&#8221;on|phone&#8221; content_es_mx=&#8221;<\/p>\n<h1>Nuestros Instructores<\/h1>\n<p>&#8221; global_colors_info=&#8221;{}&#8221;]<\/p>\n<h1>Our Instructors<\/h1>\n<p>[\/et_pb_text][dbp_divi_background_plus _builder_version=&#8221;4.27.2&#8243; _module_preset=&#8221;default&#8221; use_background_color_gradient=&#8221;on&#8221; background_color_gradient_stops=&#8221;#e02b20 0%|#e09900 99%&#8221; background_image=&#8221;<a href=\"https:\/\/conjuntoheritagetaller.net\/wp-content\/uploads\/2024\/07\/instructors.jpg&#038;#8221\">https:\/\/conjuntoheritagetaller.net\/wp-content\/uploads\/2024\/07\/instructors.jpg&#038;#8221<\/a>; background_position=&#8221;top_center&#8221; background_blend=&#8221;soft-light&#8221; global_colors_info=&#8221;{}&#8221;][\/dbp_divi_background_plus][\/et_pb_column][\/et_pb_row][\/et_pb_section][et_pb_section fb_built=&#8221;1&#8243; admin_label=&#8221;Hero&#8221; _builder_version=&#8221;4.27.0&#8243; _module_preset=&#8221;default&#8221; background_enable_image=&#8221;off&#8221; custom_padding=&#8221;8vw||||false|false&#8221; locked=&#8221;off&#8221; collapsed=&#8221;off&#8221; global_colors_info=&#8221;{}&#8221;][et_pb_row _builder_version=&#8221;4.27.0&#8243; _module_preset=&#8221;default&#8221; global_colors_info=&#8221;{}&#8221;][et_pb_column type=&#8221;4_4&#8243; _builder_version=&#8221;4.27.0&#8243; _module_preset=&#8221;default&#8221; global_colors_info=&#8221;{}&#8221;][et_pb_blurb title=&#8221;Bene Medina &#8211; ACCORDION&#8221; image=&#8221;<a href=\"https:\/\/conjuntoheritagetaller.net\/wp-content\/uploads\/2024\/10\/3.jpg&#038;#8221\">https:\/\/conjuntoheritagetaller.net\/wp-content\/uploads\/2024\/10\/3.jpg&#038;#8221<\/a>; icon_placement=&#8221;left&#8221; image_icon_width=&#8221;300px&#8221; content_max_width=&#8221;100%&#8221; icon_placement_tablet=&#8221;left&#8221; icon_placement_phone=&#8221;top&#8221; icon_placement_last_edited=&#8221;on|phone&#8221; _builder_version=&#8221;4.27.6&#8243; _module_preset=&#8221;default&#8221; header_font=&#8221;Poppins|700|||||||&#8221; header_font_size=&#8221;30px&#8221; body_font=&#8221;Poppins||||||||&#8221; image_icon_custom_margin=&#8221;0px||||false|false&#8221; hover_enabled=&#8221;0&#8243; title_es_mx=&#8221; Bene Medina &#8211; ACORDE\u00d3N&#8221; content_es_mx=&#8221;Nacido en Raymondville, Texas, en 1939, Bene Medina comenz\u00f3 a tocar el acorde\u00f3n a los 13 a\u00f1os y, para cuando ten\u00eda 18, ya hab\u00eda formado su propio conjunto. Despu\u00e9s de servir en el Ej\u00e9rcito de los Estados Unidos durante 2 a\u00f1os, regres\u00f3 al sur de Texas y en 1964 se mud\u00f3 a San Antonio, donde ha vivido desde entonces. Trabaj\u00f3 en una empresa de servicios p\u00fablicos local durante 30 a\u00f1os y se convirti\u00f3 en el segundo oficial mexicano-americano en ser electricista all\u00ed, pero siempre mantuvo su participaci\u00f3n en la m\u00fasica. Form\u00f3 Bene Medina y Conjunto \u00c1guila en 1965 y a\u00fan lidera activamente esa banda.<\/p>\n<p>Bene tambi\u00e9n ense\u00f1\u00f3 acorde\u00f3n en una tienda de m\u00fasica local durante siete a\u00f1os antes de comenzar a ense\u00f1ar en el Conjunto Heritage Taller hace casi 15 a\u00f1os. Despu\u00e9s de una breve ausencia, estamos muy contentos de darle la bienvenida nuevamente al Taller, donde una vez m\u00e1s estar\u00e1 ense\u00f1ando acorde\u00f3n.&#8221; border_radii_image=&#8221;off|15px|15px|15px|15px&#8221; global_colors_info=&#8221;{}&#8221; sticky_enabled=&#8221;0&#8243;]<\/p>\n<p>Born in Raymondville, Texas in 1939, Bene Medina began playing the accordion at the age of 13, and by the time he was 18, he had started his own conjunto. After serving in the US Army for 2 years, he returned to South Texas, and in 1964 moved to San Antonio, where he has lived since then. He worked at a local utility for 30 years and was the second Mexican American journeyman to become an electrician therein, but always continued his involvement in music. He formed Bene Medina y Conjunto Aguila in 1965, and still actively leads that band. Bene also taught accordion at a local music store for seven years before coming to teach at the Conjunto Heritage Taller almost 15 years ago. After a brief absence we are very happy to welcome Bene Medina back to the Taller, where he will once again be teaching accordion.<\/p>\n<p><strong>ACCORDION w\/ El Maestro Bene Medina<\/strong><\/p>\n<p><strong>Tuesdays &amp; Thursdays<\/strong><\/p>\n<p><strong>Time: 6 p.m. &#8211; 8 p.m.<\/strong><\/p>\n<p>[\/et_pb_blurb][et_pb_blurb title=&#8221;Santiago %22El Chief%22Jim\u00e9nez Jr.- ACCORDION&#8221; image=&#8221;<a href=\"https:\/\/conjuntoheritagetaller.net\/wp-content\/uploads\/2026\/02\/EL-CHIEF1-Copy-1.jpg&#038;#8221\">https:\/\/conjuntoheritagetaller.net\/wp-content\/uploads\/2026\/02\/EL-CHIEF1-Copy-1.jpg&#038;#8221<\/a>; icon_placement=&#8221;left&#8221; image_icon_width=&#8221;300px&#8221; content_max_width=&#8221;100%&#8221; icon_placement_tablet=&#8221;left&#8221; icon_placement_phone=&#8221;top&#8221; icon_placement_last_edited=&#8221;on|phone&#8221; _builder_version=&#8221;4.27.6&#8243; _module_preset=&#8221;default&#8221; header_font=&#8221;Poppins|700|||||||&#8221; header_font_size=&#8221;30px&#8221; body_font=&#8221;Poppins||||||||&#8221; image_icon_custom_margin=&#8221;0px||||false|false&#8221; hover_enabled=&#8221;0&#8243; title_es_mx=&#8221;Joey Villanueva &#8211; ACORDE\u00d3N&#8221; content_es_mx=&#8221;Graduado de la Universidad Texas A&#038;M-Kingsville con una licenciatura en Educaci\u00f3n Musical y una especializaci\u00f3n en Matem\u00e1ticas, el instrumento principal de Joey en TAMUK fue la trompeta, aunque ha tocado el acorde\u00f3n desde los 10 a\u00f1os. Cuando era ni\u00f1o, sus padres lo llevaban a los bailes en Rosedale Park y Market Square para escuchar a m\u00fasicos como Bernardo y Sus Compadres, Flaco Jimenez, Mingo Saldivar, Los Dos Gilbertos, entre muchos otros. Joey creci\u00f3 rodeado de la m\u00fasica Conjunto y Tejana, desarrollando un profundo amor por ella, influenciado principalmente por su padre, Joe Villanueva Sr., quien toc\u00f3 el acorde\u00f3n en los a\u00f1os 80 con varias bandas en el \u00e1rea de Schertz-Cibolo.<\/p>\n<p>A los 10 a\u00f1os, sus padres le preguntaron a Joey si quer\u00eda tomar clases de acorde\u00f3n, y \u00e9l dijo que s\u00ed. Comenz\u00f3 a tomar clases en el Conjunto Heritage Taller bajo la instrucci\u00f3n de Lorenzo Martinez en 2003. Durante su tiempo en el taller, tuvo la oportunidad de presentarse en una variedad de eventos y de trabajar con muchos m\u00fasicos talentosos. Tambi\u00e9n form\u00f3 un grupo de conjunto con su compa\u00f1ero del taller, Aaron Salinas. El grupo se present\u00f3 en varios eventos, incluyendo el Festival de Conjunto Tejano del Guadalupe Cultural Arts Center, y grabaron una demo de tres canciones en 2014.<\/p>\n<p>%22Mi amor por el Conjunto es una gran raz\u00f3n por la cual decid\u00ed estudiar m\u00fasica en la universidad%22, dice Joey. Mientras estuvo en la universidad, tuvo la oportunidad de ser destacado como solista de acorde\u00f3n en diversos conjuntos, incluyendo la Banda de Jazz, el Combo de Jazz y la Banda Sinf\u00f3nica.&#8221; border_radii_image=&#8221;off|15px|15px|15px|15px&#8221; global_colors_info=&#8221;{}&#8221; sticky_enabled=&#8221;0&#8243;]<\/p>\n<p>Santiago Jim\u00e9nez Jr. is an American folk musician celebrated for his lifetime contributions to traditional Tex-Mex and conjunto music, earning a National Heritage Fellowship in 2000 and a National Medal of Arts awarded by President Obama in 2016, along with three Grammy nominations. The son of conjunto pioneer Santiago \u201cFlaco\u201d Jim\u00e9nez Sr., who helped popularize the tololoche, and the younger brother of legendary Tejano accordionist Leonardo \u201cFlaco\u201d Jim\u00e9nez, Santiago recorded his first album with Flaco at age 17 and went on to carve his own path by adhering closely to traditional conjunto instrumentation of accordion, guitar, and vocals. Over his career, he has recorded more than 700 songs, founded his own label, Chief Records, performed internationally at major festivals, reunited onstage with Flaco in 2012 for the first time since 1982, and continued recording well into later life, including the 2021 release <em data-start=\"987\" data-end=\"1002\">Still Kicking<\/em>, produced by Garrett T. Capps.<\/p>\n<p><strong>ACCORDION &#8211; CLASS 1 w\/Santiago Jim\u00e9nez\u00a0 Jr.<\/strong><\/p>\n<p><strong>Saturdays<\/strong><\/p>\n<p><strong>Time: 10:00 a.m. &#8211; 12:00 p.m.<\/strong><\/p>\n<p><strong>ACCORDION &#8211; CLASS 2 w\/Santiago &#8220;El Chief&#8221; Jim\u00e9nez Jr.<\/strong><\/p>\n<p><strong>Saturdays<\/strong><\/p>\n<p><strong>Time: 12:00 p.m. &#8211; 2:00 p.m.<\/strong><\/p>\n<p>[\/et_pb_blurb][et_pb_blurb title=&#8221;BAJO SEXTO CLASSES WILL RETURN SOON&#8221; icon_placement=&#8221;left&#8221; image_icon_width=&#8221;300px&#8221; content_max_width=&#8221;100%&#8221; icon_placement_tablet=&#8221;left&#8221; icon_placement_phone=&#8221;top&#8221; icon_placement_last_edited=&#8221;on|phone&#8221; _builder_version=&#8221;4.27.6&#8243; _module_preset=&#8221;default&#8221; header_font=&#8221;Poppins|700|||||||&#8221; header_font_size=&#8221;30px&#8221; body_font=&#8221;Poppins||||||||&#8221; image_icon_custom_margin=&#8221;0px||||false|false&#8221; hover_enabled=&#8221;0&#8243; title_es_mx=&#8221;Ryan Edwards &#8211; BAJO SEXTO&#8221; content_es_mx=&#8221;Ryan Edwards, originario del South Side de San Antonio, ha dejado una huella duradera en la vibrante escena musical de Texas. En 2012, Edwards form\u00f3 el Grupo Texas Heat, una banda de m\u00fasica Tejana y Conjunto, y pronto gan\u00f3 popularidad con su \u00e9xito n\u00famero uno %22Conv\u00e9ncete%22 en KEDA. A lo largo de los a\u00f1os, ha colaborado con prominentes bandas Tejanas, incluyendo Los Deleones, Los Tovares, Lobo IV y el artista ganador del Grammy, Chente Barrera, enriqueciendo La Onda Tejana con su pasi\u00f3n y talento.<\/p>\n<p>Adem\u00e1s de su carrera como int\u00e9rprete, Edwards se dedic\u00f3 a la educaci\u00f3n musical, trabajando como t\u00e9cnico de bater\u00eda y percusi\u00f3n para el Distrito Escolar Independiente de Edgewood. Instruy\u00f3 a j\u00f3venes m\u00fasicos en Brentwood Middle School y John F. Kennedy High School, fomentando la pr\u00f3xima generaci\u00f3n de percusionistas.<\/p>\n<p>En 2017, Edwards centr\u00f3 su atenci\u00f3n en la m\u00fasica Americana y Tex-Mex con la formaci\u00f3n de The Ranch Road Band en el condado de Atascosa. Como vocalista principal y guitarrista l\u00edder, tocando tanto la guitarra como el Bajo Quinto, ayud\u00f3 a la banda a ganar reconocimiento, especialmente con su \u00e1lbum \u201cRoad Rage.\u201d El \u00e9xito del grupo fue celebrado en 2024 con el premio %22Artista Country del A\u00f1o%22 en los Pura Vida Awards.<\/p>\n<p>Hoy, Ryan Edwards contin\u00faa su viaje en la m\u00fasica, uni\u00e9ndose al Taller con la aspiraci\u00f3n de inspirar y guiar a los j\u00f3venes m\u00fasicos en el Bajo Sexto y Quinto, transmitiendo su pasi\u00f3n por la m\u00fasica y la comunidad a una nueva generaci\u00f3n.&#8221; border_radii_image=&#8221;off|15px|15px|15px|15px&#8221; global_colors_info=&#8221;{}&#8221; sticky_enabled=&#8221;0&#8243;][\/et_pb_blurb][\/et_pb_column][\/et_pb_row][\/et_pb_section][et_pb_section fb_built=&#8221;1&#8243; _builder_version=&#8221;4.27.2&#8243; _module_preset=&#8221;default&#8221; global_colors_info=&#8221;{}&#8221;][et_pb_row column_structure=&#8221;1_2,1_2&#8243; _builder_version=&#8221;4.27.2&#8243; _module_preset=&#8221;default&#8221; global_colors_info=&#8221;{}&#8221;][et_pb_column type=&#8221;1_2&#8243; _builder_version=&#8221;4.27.2&#8243; _module_preset=&#8221;default&#8221; global_colors_info=&#8221;{}&#8221;][et_pb_text _builder_version=&#8221;4.27.3&#8243; _module_preset=&#8221;default&#8221; text_font=&#8221;&#8211;et_global_body_font|700|||||||&#8221; text_text_color=&#8221;#FFFFFF&#8221; text_line_height=&#8221;1em&#8221; header_font=&#8221;&#8211;et_global_body_font|700|||||||&#8221; header_text_color=&#8221;#E02B20&#8243; header_3_font=&#8221;&#8211;et_global_body_font|700|||||||&#8221; header_3_text_color=&#8221;#E02B20&#8243; header_3_font_size=&#8221;20px&#8221; header_3_text_shadow_style=&#8221;preset2&#8243; global_colors_info=&#8221;{}&#8221;]<\/p>\n<h3 class=\"et_pb_module_header\">Benny Medina &#8211; Instructor<\/h3>\n<p>[\/et_pb_text][et_pb_video src=&#8221;<a href=\"https:\/\/youtu.be\/3AvlJE3MB2w?si=4B0gqafdDy5JCrh8&#038;#8243\" rel=\"nofollow\">https:\/\/youtu.be\/3AvlJE3MB2w?si=4B0gqafdDy5JCrh8&#038;#8243<\/a>; _builder_version=&#8221;4.27.2&#8243; _module_preset=&#8221;default&#8221; border_width_all=&#8221;5px&#8221; border_color_all=&#8221;#000000&#8243; global_colors_info=&#8221;{}&#8221;][\/et_pb_video][\/et_pb_column][et_pb_column type=&#8221;1_2&#8243; _builder_version=&#8221;4.27.2&#8243; _module_preset=&#8221;default&#8221; global_colors_info=&#8221;{}&#8221;][et_pb_text _builder_version=&#8221;4.27.3&#8243; _module_preset=&#8221;default&#8221; text_font=&#8221;&#8211;et_global_body_font|700|||||||&#8221; text_text_color=&#8221;#FFFFFF&#8221; text_line_height=&#8221;1em&#8221; header_font=&#8221;&#8211;et_global_body_font|700|||||||&#8221; header_text_color=&#8221;#E02B20&#8243; header_3_font=&#8221;&#8211;et_global_body_font|700|||||||&#8221; header_3_text_color=&#8221;#E02B20&#8243; header_3_font_size=&#8221;20px&#8221; header_3_text_shadow_style=&#8221;preset2&#8243; global_colors_info=&#8221;{}&#8221;]<\/p>\n<h3 class=\"et_pb_module_header\">Ofelia Instrumental<\/h3>\n<p>[\/et_pb_text][et_pb_video src=&#8221;<a href=\"https:\/\/youtu.be\/r1bT9QjQVaM?si=7czlRVJQ0FEfelNC&#038;#8221\" rel=\"nofollow\">https:\/\/youtu.be\/r1bT9QjQVaM?si=7czlRVJQ0FEfelNC&#038;#8221<\/a>; _builder_version=&#8221;4.27.2&#8243; _module_preset=&#8221;default&#8221; border_width_all=&#8221;5px&#8221; border_color_all=&#8221;#000000&#8243; global_colors_info=&#8221;{}&#8221;][\/et_pb_video][\/et_pb_column][\/et_pb_row][\/et_pb_section]<\/p>\n","protected":false},"excerpt":{"rendered":"<p>Our Instructors<div class=\"et_pb_module dbp_divi_background_plus dbp_divi_background_plus_0\">\n\t\t\t\t\n\t\t\t\t\n\t\t\t\t\n\t\t\t\t\n\t\t\t\t\n\t\t\t\t\n\t\t\t\t<div class=\"et_pb_module_inner\">\n\t\t\t\t\t<div class=\"dbp_divi_background_plus_inner d5bgo-anchor\" data-level=\"section\" data-target=\"section\" data-module-id=\"dbp_0\" style=\"display:none\">DB+<\/div>\n\t\t\t\t<\/div>\n\t\t\t<\/div>Born in Raymondville, Texas in 1939, Bene Medina began playing the accordion at the age of 13, and by [&hellip;]<\/p>\n","protected":false},"author":1,"featured_media":0,"parent":0,"menu_order":0,"comment_status":"closed","ping_status":"closed","template":"","meta":{"_et_pb_use_builder":"on","_et_pb_old_content":"","_et_gb_content_width":"","_price":"","_stock":"","_tribe_ticket_header":"","_tribe_default_ticket_provider":"","_tribe_ticket_capacity":"0","_ticket_start_date":"","_ticket_end_date":"","_tribe_ticket_show_description":"","_tribe_ticket_show_not_going":false,"_tribe_ticket_use_global_stock":"","_tribe_ticket_global_stock_level":"","_global_stock_mode":"","_global_stock_cap":"","_tribe_rsvp_for_event":"","_tribe_ticket_going_count":"","_tribe_ticket_not_going_count":"","_tribe_tickets_list":"[]","_tribe_ticket_has_attendee_info_fields":false,"_wpcom_ai_launchpad_about_page":false,"_wpcom_ai_launchpad_gallery_page":false,"_wpcom_ai_launchpad_contact_page":false,"_wpcom_ai_launchpad_events_page":false,"_wpcom_ai_launchpad_video_page":false,"_wpcom_ai_launchpad_portfolio_piece":false,"footnotes":"","_tec_slr_enabled":"","_tec_slr_layout":""},"class_list":["post-242687","page","type-page","status-publish","hentry"],"aioseo_notices":[],"aioseo_head":"\n\t\t<!-- All in One SEO 5.0.1.1 - aioseo.com -->\n\t<meta name=\"description\" content=\"Nuestros Instructores DB+ Bene Medina - ACORDE\u00d3N Nacido en Raymondville, Texas, en 1939, Bene Medina comenz\u00f3 a tocar el acorde\u00f3n a los 13 a\u00f1os y, para cuando ten\u00eda 18, ya hab\u00eda formado su propio conjunto. Despu\u00e9s de servir en el Ej\u00e9rcito de los Estados Unidos durante 2 a\u00f1os, regres\u00f3 al sur de Texas y en\" \/>\n\t<meta name=\"robots\" content=\"max-image-preview:large\" \/>\n\t<link rel=\"canonical\" href=\"https:\/\/conjuntoheritagetaller.net\/es\/our-instructors\/\" \/>\n\t<meta name=\"generator\" content=\"All in One SEO (AIOSEO) 5.0.1.1\" \/>\n\t\t<meta property=\"og:locale\" content=\"es_MX\" \/>\n\t\t<meta property=\"og:site_name\" content=\"Conjunto Heritage Taller - M\u00fasica Tradicional for youth of all ages!\" \/>\n\t\t<meta property=\"og:type\" content=\"article\" \/>\n\t\t<meta property=\"og:title\" content=\"Our Instructors - Conjunto Heritage Taller\" \/>\n\t\t<meta property=\"og:description\" content=\"Nuestros Instructores DB+ Bene Medina - ACORDE\u00d3N Nacido en Raymondville, Texas, en 1939, Bene Medina comenz\u00f3 a tocar el acorde\u00f3n a los 13 a\u00f1os y, para cuando ten\u00eda 18, ya hab\u00eda formado su propio conjunto. Despu\u00e9s de servir en el Ej\u00e9rcito de los Estados Unidos durante 2 a\u00f1os, regres\u00f3 al sur de Texas y en\" \/>\n\t\t<meta property=\"og:url\" content=\"https:\/\/conjuntoheritagetaller.net\/es\/our-instructors\/\" \/>\n\t\t<meta property=\"article:published_time\" content=\"2024-07-20T15:34:18+00:00\" \/>\n\t\t<meta property=\"article:modified_time\" content=\"2026-03-09T18:33:34+00:00\" \/>\n\t\t<meta name=\"twitter:card\" content=\"summary_large_image\" \/>\n\t\t<meta name=\"twitter:title\" content=\"Our Instructors - Conjunto Heritage Taller\" \/>\n\t\t<meta name=\"twitter:description\" content=\"Nuestros Instructores DB+ Bene Medina - ACORDE\u00d3N Nacido en Raymondville, Texas, en 1939, Bene Medina comenz\u00f3 a tocar el acorde\u00f3n a los 13 a\u00f1os y, para cuando ten\u00eda 18, ya hab\u00eda formado su propio conjunto. Despu\u00e9s de servir en el Ej\u00e9rcito de los Estados Unidos durante 2 a\u00f1os, regres\u00f3 al sur de Texas y en\" \/>\n\t\t<script type=\"application\/ld+json\" class=\"aioseo-schema\">\n\t\t\t{\"@context\":\"https:\\\/\\\/schema.org\",\"@graph\":[{\"@type\":\"BreadcrumbList\",\"@id\":\"https:\\\/\\\/conjuntoheritagetaller.net\\\/es\\\/our-instructors\\\/#breadcrumblist\",\"itemListElement\":[{\"@type\":\"ListItem\",\"@id\":\"https:\\\/\\\/conjuntoheritagetaller.net\\\/es\\\/#listItem\",\"position\":1,\"name\":\"Home\",\"item\":\"https:\\\/\\\/conjuntoheritagetaller.net\\\/es\\\/\",\"nextItem\":{\"@type\":\"ListItem\",\"@id\":\"https:\\\/\\\/conjuntoheritagetaller.net\\\/es\\\/our-instructors\\\/#listItem\",\"name\":\"Our Instructors\"}},{\"@type\":\"ListItem\",\"@id\":\"https:\\\/\\\/conjuntoheritagetaller.net\\\/es\\\/our-instructors\\\/#listItem\",\"position\":2,\"name\":\"Our Instructors\",\"previousItem\":{\"@type\":\"ListItem\",\"@id\":\"https:\\\/\\\/conjuntoheritagetaller.net\\\/es\\\/#listItem\",\"name\":\"Home\"}}]},{\"@type\":\"Organization\",\"@id\":\"https:\\\/\\\/conjuntoheritagetaller.net\\\/es\\\/#organization\",\"name\":\"Conjunto Heritage Taller\",\"description\":\"M\\u00fasica Tradicional for youth of all ages!\",\"url\":\"https:\\\/\\\/conjuntoheritagetaller.net\\\/es\\\/\"},{\"@type\":\"WebPage\",\"@id\":\"https:\\\/\\\/conjuntoheritagetaller.net\\\/es\\\/our-instructors\\\/#webpage\",\"url\":\"https:\\\/\\\/conjuntoheritagetaller.net\\\/es\\\/our-instructors\\\/\",\"name\":\"Our Instructors - Conjunto Heritage Taller\",\"description\":\"Nuestros Instructores DB+ Bene Medina - ACORDE\\u00d3N Nacido en Raymondville, Texas, en 1939, Bene Medina comenz\\u00f3 a tocar el acorde\\u00f3n a los 13 a\\u00f1os y, para cuando ten\\u00eda 18, ya hab\\u00eda formado su propio conjunto. Despu\\u00e9s de servir en el Ej\\u00e9rcito de los Estados Unidos durante 2 a\\u00f1os, regres\\u00f3 al sur de Texas y en\",\"inLanguage\":\"es-MX\",\"isPartOf\":{\"@id\":\"https:\\\/\\\/conjuntoheritagetaller.net\\\/es\\\/#website\"},\"breadcrumb\":{\"@id\":\"https:\\\/\\\/conjuntoheritagetaller.net\\\/es\\\/our-instructors\\\/#breadcrumblist\"},\"datePublished\":\"2024-07-20T15:34:18-05:00\",\"dateModified\":\"2026-03-09T13:33:34-05:00\"},{\"@type\":\"WebSite\",\"@id\":\"https:\\\/\\\/conjuntoheritagetaller.net\\\/es\\\/#website\",\"url\":\"https:\\\/\\\/conjuntoheritagetaller.net\\\/es\\\/\",\"name\":\"Conjunto Heritage Taller\",\"description\":\"M\\u00fasica Tradicional for youth of all ages!\",\"inLanguage\":\"es-MX\",\"publisher\":{\"@id\":\"https:\\\/\\\/conjuntoheritagetaller.net\\\/es\\\/#organization\"}}]}\n\t\t<\/script>\n\t\t<!-- All in One SEO -->\n\n","aioseo_head_json":{"title":"Our Instructors - Conjunto Heritage Taller","description":"Nuestros Instructores DB+ Bene Medina - ACORDE\u00d3N Nacido en Raymondville, Texas, en 1939, Bene Medina comenz\u00f3 a tocar el acorde\u00f3n a los 13 a\u00f1os y, para cuando ten\u00eda 18, ya hab\u00eda formado su propio conjunto. Despu\u00e9s de servir en el Ej\u00e9rcito de los Estados Unidos durante 2 a\u00f1os, regres\u00f3 al sur de Texas y en","canonical_url":"https:\/\/conjuntoheritagetaller.net\/es\/our-instructors\/","robots":"max-image-preview:large","keywords":"","webmasterTools":{"miscellaneous":""},"schema":{"@context":"https:\/\/schema.org","@graph":[{"@type":"BreadcrumbList","@id":"https:\/\/conjuntoheritagetaller.net\/es\/our-instructors\/#breadcrumblist","itemListElement":[{"@type":"ListItem","@id":"https:\/\/conjuntoheritagetaller.net\/es\/#listItem","position":1,"name":"Home","item":"https:\/\/conjuntoheritagetaller.net\/es\/","nextItem":{"@type":"ListItem","@id":"https:\/\/conjuntoheritagetaller.net\/es\/our-instructors\/#listItem","name":"Our Instructors"}},{"@type":"ListItem","@id":"https:\/\/conjuntoheritagetaller.net\/es\/our-instructors\/#listItem","position":2,"name":"Our Instructors","previousItem":{"@type":"ListItem","@id":"https:\/\/conjuntoheritagetaller.net\/es\/#listItem","name":"Home"}}]},{"@type":"Organization","@id":"https:\/\/conjuntoheritagetaller.net\/es\/#organization","name":"Conjunto Heritage Taller","description":"M\u00fasica Tradicional for youth of all ages!","url":"https:\/\/conjuntoheritagetaller.net\/es\/"},{"@type":"WebPage","@id":"https:\/\/conjuntoheritagetaller.net\/es\/our-instructors\/#webpage","url":"https:\/\/conjuntoheritagetaller.net\/es\/our-instructors\/","name":"Our Instructors - Conjunto Heritage Taller","description":"Nuestros Instructores DB+ Bene Medina - ACORDE\u00d3N Nacido en Raymondville, Texas, en 1939, Bene Medina comenz\u00f3 a tocar el acorde\u00f3n a los 13 a\u00f1os y, para cuando ten\u00eda 18, ya hab\u00eda formado su propio conjunto. Despu\u00e9s de servir en el Ej\u00e9rcito de los Estados Unidos durante 2 a\u00f1os, regres\u00f3 al sur de Texas y en","inLanguage":"es-MX","isPartOf":{"@id":"https:\/\/conjuntoheritagetaller.net\/es\/#website"},"breadcrumb":{"@id":"https:\/\/conjuntoheritagetaller.net\/es\/our-instructors\/#breadcrumblist"},"datePublished":"2024-07-20T15:34:18-05:00","dateModified":"2026-03-09T13:33:34-05:00"},{"@type":"WebSite","@id":"https:\/\/conjuntoheritagetaller.net\/es\/#website","url":"https:\/\/conjuntoheritagetaller.net\/es\/","name":"Conjunto Heritage Taller","description":"M\u00fasica Tradicional for youth of all ages!","inLanguage":"es-MX","publisher":{"@id":"https:\/\/conjuntoheritagetaller.net\/es\/#organization"}}]},"og:locale":"es_MX","og:site_name":"Conjunto Heritage Taller - M\u00fasica Tradicional for youth of all ages!","og:type":"article","og:title":"Our Instructors - Conjunto Heritage Taller","og:description":"Nuestros Instructores DB+ Bene Medina - ACORDE\u00d3N Nacido en Raymondville, Texas, en 1939, Bene Medina comenz\u00f3 a tocar el acorde\u00f3n a los 13 a\u00f1os y, para cuando ten\u00eda 18, ya hab\u00eda formado su propio conjunto. Despu\u00e9s de servir en el Ej\u00e9rcito de los Estados Unidos durante 2 a\u00f1os, regres\u00f3 al sur de Texas y en","og:url":"https:\/\/conjuntoheritagetaller.net\/es\/our-instructors\/","article:published_time":"2024-07-20T15:34:18+00:00","article:modified_time":"2026-03-09T18:33:34+00:00","twitter:card":"summary_large_image","twitter:title":"Our Instructors - Conjunto Heritage Taller","twitter:description":"Nuestros Instructores DB+ Bene Medina - ACORDE\u00d3N Nacido en Raymondville, Texas, en 1939, Bene Medina comenz\u00f3 a tocar el acorde\u00f3n a los 13 a\u00f1os y, para cuando ten\u00eda 18, ya hab\u00eda formado su propio conjunto. Despu\u00e9s de servir en el Ej\u00e9rcito de los Estados Unidos durante 2 a\u00f1os, regres\u00f3 al sur de Texas y en"},"aioseo_meta_data":{"post_id":"242687","title":null,"description":null,"keywords":null,"keyphrases":{"focus":{"keyphrase":"","score":0,"analysis":{"keyphraseInTitle":{"score":0,"maxScore":9,"error":1}}},"additional":[]},"primary_term":null,"canonical_url":null,"og_title":null,"og_description":null,"og_object_type":"default","og_image_type":"default","og_image_url":null,"og_image_width":null,"og_image_height":null,"og_image_custom_url":null,"og_image_custom_fields":null,"og_video":"","og_custom_url":null,"og_article_section":null,"og_article_tags":null,"twitter_use_og":false,"twitter_card":"default","twitter_image_type":"default","twitter_image_url":null,"twitter_image_custom_url":null,"twitter_image_custom_fields":null,"twitter_title":null,"twitter_description":null,"schema":{"blockGraphs":[],"customGraphs":[],"default":{"data":{"Article":[],"Course":[],"Dataset":[],"FAQPage":[],"Movie":[],"Person":[],"Product":[],"ProductReview":[],"Car":[],"Recipe":[],"Service":[],"SoftwareApplication":[],"WebPage":[]},"graphName":"WebPage","isEnabled":true},"graphs":[]},"schema_type":"default","schema_type_options":null,"pillar_content":false,"robots_default":true,"robots_noindex":false,"robots_noarchive":false,"robots_nosnippet":false,"robots_nofollow":false,"robots_noimageindex":false,"robots_noodp":false,"robots_notranslate":false,"robots_max_snippet":"-1","robots_max_videopreview":"-1","robots_max_imagepreview":"large","priority":null,"frequency":"default","local_seo":null,"breadcrumb_settings":null,"limit_modified_date":false,"ai":{"faqs":[],"keyPoints":[],"titles":[],"descriptions":[],"socialPosts":{"email":[],"linkedin":[],"twitter":[],"facebook":[],"instagram":[]}},"created":"2024-07-20 15:34:21","updated":"2026-03-10 03:46:55","seo_analyzer_scan_date":null,"focus_keyword":null,"additional_keywords":null,"truseo_locale":null},"aioseo_breadcrumb":"<div class=\"aioseo-breadcrumbs\"><span class=\"aioseo-breadcrumb\">\n\t\t\t<a href=\"https:\/\/conjuntoheritagetaller.net\/es\/\" title=\"Home\">Home<\/a>\n\t\t<\/span><span class=\"aioseo-breadcrumb-separator\">&raquo;<\/span><span class=\"aioseo-breadcrumb\">\n\t\t\tOur Instructors\n\t\t<\/span><\/div>","aioseo_breadcrumb_json":[{"label":"Home","link":"https:\/\/conjuntoheritagetaller.net\/es\/"},{"label":"Our Instructors","link":"https:\/\/conjuntoheritagetaller.net\/es\/our-instructors\/"}],"jetpack_shortlink":"https:\/\/wp.me\/PgOMGb-118j","ticketed":false,"_links":{"self":[{"href":"https:\/\/conjuntoheritagetaller.net\/es\/wp-json\/wp\/v2\/pages\/242687","targetHints":{"allow":["GET"]}}],"collection":[{"href":"https:\/\/conjuntoheritagetaller.net\/es\/wp-json\/wp\/v2\/pages"}],"about":[{"href":"https:\/\/conjuntoheritagetaller.net\/es\/wp-json\/wp\/v2\/types\/page"}],"author":[{"embeddable":true,"href":"https:\/\/conjuntoheritagetaller.net\/es\/wp-json\/wp\/v2\/users\/1"}],"replies":[{"embeddable":true,"href":"https:\/\/conjuntoheritagetaller.net\/es\/wp-json\/wp\/v2\/comments?post=242687"}],"version-history":[{"count":14,"href":"https:\/\/conjuntoheritagetaller.net\/es\/wp-json\/wp\/v2\/pages\/242687\/revisions"}],"predecessor-version":[{"id":366846,"href":"https:\/\/conjuntoheritagetaller.net\/es\/wp-json\/wp\/v2\/pages\/242687\/revisions\/366846"}],"wp:attachment":[{"href":"https:\/\/conjuntoheritagetaller.net\/es\/wp-json\/wp\/v2\/media?parent=242687"}],"curies":[{"name":"wp","href":"https:\/\/api.w.org\/{rel}","templated":true}]}}