{"id":242730,"date":"2024-07-20T18:57:18","date_gmt":"2024-07-20T18:57:18","guid":{"rendered":"https:\/\/conjuntoheritagetaller.net\/?page_id=242730"},"modified":"2024-11-13T20:18:43","modified_gmt":"2024-11-13T20:18:43","slug":"conjunto-in-the-community","status":"publish","type":"page","link":"https:\/\/conjuntoheritagetaller.net\/es\/conjunto-in-the-community\/","title":{"rendered":"Conjunto in the Community"},"content":{"rendered":"<p>[et_pb_section fb_built=&#8221;1&#8243; custom_padding_last_edited=&#8221;on|phone&#8221; admin_label=&#8221;Header&#8221; _builder_version=&#8221;4.27.2&#8243; background_enable_color=&#8221;off&#8221; background_enable_image=&#8221;off&#8221; background_blend=&#8221;soft-light&#8221; height=&#8221;600px&#8221; custom_margin=&#8221;90px||||false|false&#8221; custom_padding=&#8221;170px||182px||false|false&#8221; custom_padding_tablet=&#8221;&#8221; custom_padding_phone=&#8221;100px||100px||true|false&#8221; global_colors_info=&#8221;{}&#8221;][et_pb_row use_custom_gutter=&#8221;on&#8221; gutter_width=&#8221;2&#8243; make_equal=&#8221;on&#8221; _builder_version=&#8221;4.18.0&#8243; width=&#8221;90%&#8221; width_tablet=&#8221;90%&#8221; width_phone=&#8221;90%&#8221; width_last_edited=&#8221;on|tablet&#8221; max_width_tablet=&#8221;90%&#8221; max_width_phone=&#8221;90%&#8221; max_width_last_edited=&#8221;off|desktop&#8221; custom_padding=&#8221;0px||0px||true|false&#8221; global_colors_info=&#8221;{}&#8221;][et_pb_column type=&#8221;4_4&#8243; _builder_version=&#8221;4.16&#8243; global_colors_info=&#8221;{}&#8221;][et_pb_text _builder_version=&#8221;4.27.3&#8243; header_font=&#8221;Poppins|600|||||||&#8221; header_text_align=&#8221;center&#8221; header_text_color=&#8221;#ffffff&#8221; header_font_size=&#8221;80px&#8221; header_letter_spacing=&#8221;-1px&#8221; custom_margin=&#8221;50px||||false|false&#8221; animation_direction=&#8221;right&#8221; header_font_size_tablet=&#8221;60px&#8221; header_font_size_phone=&#8221;40px&#8221; header_font_size_last_edited=&#8221;on|phone&#8221; header_line_height_tablet=&#8221;&#8221; header_line_height_phone=&#8221;1.1em&#8221; header_line_height_last_edited=&#8221;on|phone&#8221; content_es_mx=&#8221;<\/p>\n<h1>Conjunto en la Comunidad<\/h1>\n<p>&#8221; global_colors_info=&#8221;{}&#8221;]<\/p>\n<h1>Conjunto in the Community<\/h1>\n<p>[\/et_pb_text][dbp_divi_background_plus _builder_version=&#8221;4.27.0&#8243; _module_preset=&#8221;default&#8221; use_background_color_gradient=&#8221;on&#8221; background_color_gradient_stops=&#8221;#e02b20 0%|#e09900 99%&#8221; background_image=&#8221;<a href=\"https:\/\/conjuntoheritagetaller.net\/wp-content\/uploads\/2024\/07\/city_conjunto.jpeg&#038;#8221\">https:\/\/conjuntoheritagetaller.net\/wp-content\/uploads\/2024\/07\/city_conjunto.jpeg&#038;#8221<\/a>; background_blend=&#8221;soft-light&#8221; global_colors_info=&#8221;{}&#8221;][\/dbp_divi_background_plus][\/et_pb_column][\/et_pb_row][\/et_pb_section][et_pb_section fb_built=&#8221;1&#8243; admin_label=&#8221;Text Block&#8221; _builder_version=&#8221;4.27.0&#8243; _module_preset=&#8221;default&#8221; background_enable_image=&#8221;off&#8221; custom_padding=&#8221;8vw||||false|false&#8221; locked=&#8221;off&#8221; collapsed=&#8221;off&#8221; global_colors_info=&#8221;{}&#8221;][et_pb_row _builder_version=&#8221;4.27.0&#8243; _module_preset=&#8221;default&#8221; global_colors_info=&#8221;{}&#8221;][et_pb_column type=&#8221;4_4&#8243; _builder_version=&#8221;4.27.0&#8243; _module_preset=&#8221;default&#8221; global_colors_info=&#8221;{}&#8221;][et_pb_text _builder_version=&#8221;4.27.3&#8243; _module_preset=&#8221;default&#8221; text_font=&#8221;Poppins|500|||||||&#8221; text_font_size=&#8221;18px&#8221; header_2_font=&#8221;Poppins|700|||||||&#8221; hover_enabled=&#8221;0&#8243; global_colors_info=&#8221;{}&#8221; content_es_mx=&#8221;Nuestro programa \u201cConjunto en la Comunidad\u201d se centra en educar y exponer a nuestras audiencias a la m\u00fasica conjunto. Buscamos lugares para que nuestros estudiantes se presenten p\u00fablicamente, mostrando sus habilidades y exponiendo a la comunidad en general a este g\u00e9nero, proporcionando m\u00fasica y educaci\u00f3n al p\u00fablico. Muchos residentes de toda la ciudad de San Antonio y visitantes de nuestra ciudad se ven expuestos a nuestras presentaciones, siendo as\u00ed educados y entretenidos en este g\u00e9nero musical, que es aut\u00f3ctono de esta regi\u00f3n y ha sido la m\u00fasica de la clase trabajadora mexicoamericana durante generaciones. Mantener viva esta m\u00fasica es especialmente importante en una ciudad cuya poblaci\u00f3n, seg\u00fan el \u00faltimo Censo de EE.UU., es m\u00e1s del 60% latina, con un ingreso medio del hogar de $43,000, en comparaci\u00f3n con los $50,000 a nivel nacional.<\/p>\n<p>CHT organiza una \u201cTardeada\u201d anual en la que todo nuestro alumnado puede demostrar sus habilidades. Durante nuestro evento anual y otros eventos en toda la ciudad en los que participamos, proporcionamos una breve historia oral de la m\u00fasica conjunto, a veces apoyada con elementos visuales si el lugar\/evento lo permite. Nuestro Director Art\u00edstico y cofundador, Rudy L\u00f3pez, suele ser el maestro de ceremonias de nuestras presentaciones y comparte informaci\u00f3n sobre el g\u00e9nero, as\u00ed como sobre las canciones y los compositores originales. En tardeadas anteriores, hemos incorporado piezas teatrales y exposiciones de fotograf\u00eda centradas en la m\u00fasica conjunto. Durante nuestro evento Conjunto 300 en 2018, presentamos una exhibici\u00f3n fotogr\u00e1fica en ART\/\/CRAFT (una galer\u00eda de arte m\u00f3vil), con obras del fot\u00f3grafo documental cultural Al Rendon, enfocadas en el conjunto.<\/p>\n<p>El objetivo de nuestra \u201cTardeada\u201d de 2018 como parte del Tricentenario de San Antonio fue educar a los residentes de San Antonio y turistas sobre el papel que ha jugado la m\u00fasica conjunto en la historia de esta regi\u00f3n. Adem\u00e1s de las presentaciones musicales, el evento incluy\u00f3 una presentaci\u00f3n especial de la producci\u00f3n de Nicol\u00e1s Valdez, Conjunto Blues, una exploraci\u00f3n de las condiciones sociales e hist\u00f3ricas que llevaron al desarrollo de la m\u00fasica conjunto como una expresi\u00f3n de resistencia cultural y liberaci\u00f3n.&#8221; sticky_enabled=&#8221;0&#8243;]Our \u201cConjunto in the Community\u201d program focuses on educating and exposing our audiences to conjunto music. We seek venues for our students to perform publicly to showcase their skills and expose the community at large to this genre by providing music and education to the public. Many city-wide residents of San Antonio and visitors of our city are exposed to our performances, and thus are educated and entertained in this musical genre, which is indigenous to this region and has been the music of working class Mexican Americans for generations. \u00a0Keeping this music alive is particularly important in a city whose population, per the last U.S. Census, is over 60% Latino, with a median household income of $43K, compared to 50K nationally.<\/p>\n<p>CHT hosts an annual \u201cTardeada\u201d through which our entire student body is able to showcase their skills. During our annual event and other city-wide events we partake in, we provide a brief oral history of conjunto music, sometimes supported by visuals if the venue\/event allows. Our Artistic Director and co-founder, Rudy Lopez, often emcees our performances and shares information about the genre as well as the songs and original songwriters. In past tardeadas, we have incorporated theatrical pieces and photography exhibits focussed on conjunto music. During our Conjunto 300 event in 2018, we featured a photography exhibit displayed in ART\/\/CRAFT (a mobile art gallery), showcasing conjunto focused works of cultural documentary photographer, Al Rendon!<\/p>\n<p>The objective of our 2018 \u201cTardeada\u201d as part of the San Antonio Tricentennial was to educate San Antonio residents and tourists about the role conjunto music has played in the history of this region. Aside from musical performances, the event included a special presentation of Nicol\u00e1s Valdez\u2019s production, Conjunto Blues, an exploration of the social and historical conditions that led to the development of Conjunto music as an expression of cultural resistance and liberation.[\/et_pb_text][\/et_pb_column][\/et_pb_row][\/et_pb_section]<\/p>\n","protected":false},"excerpt":{"rendered":"<p>Conjunto in the Community<div class=\"et_pb_module dbp_divi_background_plus dbp_divi_background_plus_0\">\n\t\t\t\t\n\t\t\t\t\n\t\t\t\t\n\t\t\t\t\n\t\t\t\t\n\t\t\t\t\n\t\t\t\t<div class=\"et_pb_module_inner\">\n\t\t\t\t\t<div class=\"dbp_divi_background_plus_inner d5bgo-anchor\" data-level=\"section\" data-target=\"section\" data-module-id=\"dbp_0\" style=\"display:none\">DB+<\/div>\n\t\t\t\t<\/div>\n\t\t\t<\/div>Our \u201cConjunto in the Community\u201d program focuses on educating and exposing our audiences to conjunto music. We seek [&hellip;]<\/p>\n","protected":false},"author":1,"featured_media":0,"parent":0,"menu_order":0,"comment_status":"closed","ping_status":"closed","template":"","meta":{"_et_pb_use_builder":"on","_et_pb_old_content":"","_et_gb_content_width":"","_price":"","_stock":"","_tribe_ticket_header":"","_tribe_default_ticket_provider":"","_tribe_ticket_capacity":"0","_ticket_start_date":"","_ticket_end_date":"","_tribe_ticket_show_description":"","_tribe_ticket_show_not_going":false,"_tribe_ticket_use_global_stock":"","_tribe_ticket_global_stock_level":"","_global_stock_mode":"","_global_stock_cap":"","_tribe_rsvp_for_event":"","_tribe_ticket_going_count":"","_tribe_ticket_not_going_count":"","_tribe_tickets_list":"[]","_tribe_ticket_has_attendee_info_fields":false,"_wpcom_ai_launchpad_about_page":false,"_wpcom_ai_launchpad_gallery_page":false,"_wpcom_ai_launchpad_contact_page":false,"_wpcom_ai_launchpad_events_page":false,"_wpcom_ai_launchpad_video_page":false,"_wpcom_ai_launchpad_portfolio_piece":false,"footnotes":"","_tec_slr_enabled":"","_tec_slr_layout":""},"class_list":["post-242730","page","type-page","status-publish","hentry"],"aioseo_notices":[],"aioseo_head":"\n\t\t<!-- All in One SEO 5.0.1.1 - aioseo.com -->\n\t<meta name=\"description\" content=\"Conjunto en la Comunidad DB+ Nuestro programa \u201cConjunto en la Comunidad\u201d se centra en educar y exponer a nuestras audiencias a la m\u00fasica conjunto. Buscamos lugares para que nuestros estudiantes se presenten p\u00fablicamente, mostrando sus habilidades y exponiendo a la comunidad en general a este g\u00e9nero, proporcionando m\u00fasica y educaci\u00f3n al p\u00fablico. Muchos residentes de\" \/>\n\t<meta name=\"robots\" content=\"max-image-preview:large\" \/>\n\t<link rel=\"canonical\" href=\"https:\/\/conjuntoheritagetaller.net\/es\/conjunto-in-the-community\/\" \/>\n\t<meta name=\"generator\" content=\"All in One SEO (AIOSEO) 5.0.1.1\" \/>\n\t\t<meta property=\"og:locale\" content=\"es_MX\" \/>\n\t\t<meta property=\"og:site_name\" content=\"Conjunto Heritage Taller - M\u00fasica Tradicional for youth of all ages!\" \/>\n\t\t<meta property=\"og:type\" content=\"article\" \/>\n\t\t<meta property=\"og:title\" content=\"Conjunto in the Community - Conjunto Heritage Taller\" \/>\n\t\t<meta property=\"og:description\" content=\"Conjunto en la Comunidad DB+ Nuestro programa \u201cConjunto en la Comunidad\u201d se centra en educar y exponer a nuestras audiencias a la m\u00fasica conjunto. Buscamos lugares para que nuestros estudiantes se presenten p\u00fablicamente, mostrando sus habilidades y exponiendo a la comunidad en general a este g\u00e9nero, proporcionando m\u00fasica y educaci\u00f3n al p\u00fablico. Muchos residentes de\" \/>\n\t\t<meta property=\"og:url\" content=\"https:\/\/conjuntoheritagetaller.net\/es\/conjunto-in-the-community\/\" \/>\n\t\t<meta property=\"article:published_time\" content=\"2024-07-20T18:57:18+00:00\" \/>\n\t\t<meta property=\"article:modified_time\" content=\"2024-11-13T20:18:43+00:00\" \/>\n\t\t<meta name=\"twitter:card\" content=\"summary_large_image\" \/>\n\t\t<meta name=\"twitter:title\" content=\"Conjunto in the Community - Conjunto Heritage Taller\" \/>\n\t\t<meta name=\"twitter:description\" content=\"Conjunto en la Comunidad DB+ Nuestro programa \u201cConjunto en la Comunidad\u201d se centra en educar y exponer a nuestras audiencias a la m\u00fasica conjunto. Buscamos lugares para que nuestros estudiantes se presenten p\u00fablicamente, mostrando sus habilidades y exponiendo a la comunidad en general a este g\u00e9nero, proporcionando m\u00fasica y educaci\u00f3n al p\u00fablico. Muchos residentes de\" \/>\n\t\t<script type=\"application\/ld+json\" class=\"aioseo-schema\">\n\t\t\t{\"@context\":\"https:\\\/\\\/schema.org\",\"@graph\":[{\"@type\":\"BreadcrumbList\",\"@id\":\"https:\\\/\\\/conjuntoheritagetaller.net\\\/es\\\/conjunto-in-the-community\\\/#breadcrumblist\",\"itemListElement\":[{\"@type\":\"ListItem\",\"@id\":\"https:\\\/\\\/conjuntoheritagetaller.net\\\/es\\\/#listItem\",\"position\":1,\"name\":\"Home\",\"item\":\"https:\\\/\\\/conjuntoheritagetaller.net\\\/es\\\/\",\"nextItem\":{\"@type\":\"ListItem\",\"@id\":\"https:\\\/\\\/conjuntoheritagetaller.net\\\/es\\\/conjunto-in-the-community\\\/#listItem\",\"name\":\"Conjunto in the Community\"}},{\"@type\":\"ListItem\",\"@id\":\"https:\\\/\\\/conjuntoheritagetaller.net\\\/es\\\/conjunto-in-the-community\\\/#listItem\",\"position\":2,\"name\":\"Conjunto in the Community\",\"previousItem\":{\"@type\":\"ListItem\",\"@id\":\"https:\\\/\\\/conjuntoheritagetaller.net\\\/es\\\/#listItem\",\"name\":\"Home\"}}]},{\"@type\":\"Organization\",\"@id\":\"https:\\\/\\\/conjuntoheritagetaller.net\\\/es\\\/#organization\",\"name\":\"Conjunto Heritage Taller\",\"description\":\"M\\u00fasica Tradicional for youth of all ages!\",\"url\":\"https:\\\/\\\/conjuntoheritagetaller.net\\\/es\\\/\"},{\"@type\":\"WebPage\",\"@id\":\"https:\\\/\\\/conjuntoheritagetaller.net\\\/es\\\/conjunto-in-the-community\\\/#webpage\",\"url\":\"https:\\\/\\\/conjuntoheritagetaller.net\\\/es\\\/conjunto-in-the-community\\\/\",\"name\":\"Conjunto in the Community - Conjunto Heritage Taller\",\"description\":\"Conjunto en la Comunidad DB+ Nuestro programa \\u201cConjunto en la Comunidad\\u201d se centra en educar y exponer a nuestras audiencias a la m\\u00fasica conjunto. Buscamos lugares para que nuestros estudiantes se presenten p\\u00fablicamente, mostrando sus habilidades y exponiendo a la comunidad en general a este g\\u00e9nero, proporcionando m\\u00fasica y educaci\\u00f3n al p\\u00fablico. Muchos residentes de\",\"inLanguage\":\"es-MX\",\"isPartOf\":{\"@id\":\"https:\\\/\\\/conjuntoheritagetaller.net\\\/es\\\/#website\"},\"breadcrumb\":{\"@id\":\"https:\\\/\\\/conjuntoheritagetaller.net\\\/es\\\/conjunto-in-the-community\\\/#breadcrumblist\"},\"datePublished\":\"2024-07-20T18:57:18-05:00\",\"dateModified\":\"2024-11-13T20:18:43-06:00\"},{\"@type\":\"WebSite\",\"@id\":\"https:\\\/\\\/conjuntoheritagetaller.net\\\/es\\\/#website\",\"url\":\"https:\\\/\\\/conjuntoheritagetaller.net\\\/es\\\/\",\"name\":\"Conjunto Heritage Taller\",\"description\":\"M\\u00fasica Tradicional for youth of all ages!\",\"inLanguage\":\"es-MX\",\"publisher\":{\"@id\":\"https:\\\/\\\/conjuntoheritagetaller.net\\\/es\\\/#organization\"}}]}\n\t\t<\/script>\n\t\t<!-- All in One SEO -->\n\n","aioseo_head_json":{"title":"Conjunto in the Community - Conjunto Heritage Taller","description":"Conjunto en la Comunidad DB+ Nuestro programa \u201cConjunto en la Comunidad\u201d se centra en educar y exponer a nuestras audiencias a la m\u00fasica conjunto. Buscamos lugares para que nuestros estudiantes se presenten p\u00fablicamente, mostrando sus habilidades y exponiendo a la comunidad en general a este g\u00e9nero, proporcionando m\u00fasica y educaci\u00f3n al p\u00fablico. Muchos residentes de","canonical_url":"https:\/\/conjuntoheritagetaller.net\/es\/conjunto-in-the-community\/","robots":"max-image-preview:large","keywords":"","webmasterTools":{"miscellaneous":""},"schema":{"@context":"https:\/\/schema.org","@graph":[{"@type":"BreadcrumbList","@id":"https:\/\/conjuntoheritagetaller.net\/es\/conjunto-in-the-community\/#breadcrumblist","itemListElement":[{"@type":"ListItem","@id":"https:\/\/conjuntoheritagetaller.net\/es\/#listItem","position":1,"name":"Home","item":"https:\/\/conjuntoheritagetaller.net\/es\/","nextItem":{"@type":"ListItem","@id":"https:\/\/conjuntoheritagetaller.net\/es\/conjunto-in-the-community\/#listItem","name":"Conjunto in the Community"}},{"@type":"ListItem","@id":"https:\/\/conjuntoheritagetaller.net\/es\/conjunto-in-the-community\/#listItem","position":2,"name":"Conjunto in the Community","previousItem":{"@type":"ListItem","@id":"https:\/\/conjuntoheritagetaller.net\/es\/#listItem","name":"Home"}}]},{"@type":"Organization","@id":"https:\/\/conjuntoheritagetaller.net\/es\/#organization","name":"Conjunto Heritage Taller","description":"M\u00fasica Tradicional for youth of all ages!","url":"https:\/\/conjuntoheritagetaller.net\/es\/"},{"@type":"WebPage","@id":"https:\/\/conjuntoheritagetaller.net\/es\/conjunto-in-the-community\/#webpage","url":"https:\/\/conjuntoheritagetaller.net\/es\/conjunto-in-the-community\/","name":"Conjunto in the Community - Conjunto Heritage Taller","description":"Conjunto en la Comunidad DB+ Nuestro programa \u201cConjunto en la Comunidad\u201d se centra en educar y exponer a nuestras audiencias a la m\u00fasica conjunto. Buscamos lugares para que nuestros estudiantes se presenten p\u00fablicamente, mostrando sus habilidades y exponiendo a la comunidad en general a este g\u00e9nero, proporcionando m\u00fasica y educaci\u00f3n al p\u00fablico. Muchos residentes de","inLanguage":"es-MX","isPartOf":{"@id":"https:\/\/conjuntoheritagetaller.net\/es\/#website"},"breadcrumb":{"@id":"https:\/\/conjuntoheritagetaller.net\/es\/conjunto-in-the-community\/#breadcrumblist"},"datePublished":"2024-07-20T18:57:18-05:00","dateModified":"2024-11-13T20:18:43-06:00"},{"@type":"WebSite","@id":"https:\/\/conjuntoheritagetaller.net\/es\/#website","url":"https:\/\/conjuntoheritagetaller.net\/es\/","name":"Conjunto Heritage Taller","description":"M\u00fasica Tradicional for youth of all ages!","inLanguage":"es-MX","publisher":{"@id":"https:\/\/conjuntoheritagetaller.net\/es\/#organization"}}]},"og:locale":"es_MX","og:site_name":"Conjunto Heritage Taller - M\u00fasica Tradicional for youth of all ages!","og:type":"article","og:title":"Conjunto in the Community - Conjunto Heritage Taller","og:description":"Conjunto en la Comunidad DB+ Nuestro programa \u201cConjunto en la Comunidad\u201d se centra en educar y exponer a nuestras audiencias a la m\u00fasica conjunto. Buscamos lugares para que nuestros estudiantes se presenten p\u00fablicamente, mostrando sus habilidades y exponiendo a la comunidad en general a este g\u00e9nero, proporcionando m\u00fasica y educaci\u00f3n al p\u00fablico. Muchos residentes de","og:url":"https:\/\/conjuntoheritagetaller.net\/es\/conjunto-in-the-community\/","article:published_time":"2024-07-20T18:57:18+00:00","article:modified_time":"2024-11-13T20:18:43+00:00","twitter:card":"summary_large_image","twitter:title":"Conjunto in the Community - Conjunto Heritage Taller","twitter:description":"Conjunto en la Comunidad DB+ Nuestro programa \u201cConjunto en la Comunidad\u201d se centra en educar y exponer a nuestras audiencias a la m\u00fasica conjunto. Buscamos lugares para que nuestros estudiantes se presenten p\u00fablicamente, mostrando sus habilidades y exponiendo a la comunidad en general a este g\u00e9nero, proporcionando m\u00fasica y educaci\u00f3n al p\u00fablico. Muchos residentes de"},"aioseo_meta_data":{"post_id":"242730","title":null,"description":null,"keywords":null,"keyphrases":{"focus":{"keyphrase":"","score":0,"analysis":{"keyphraseInTitle":{"score":0,"maxScore":9,"error":1}}},"additional":[]},"primary_term":null,"canonical_url":null,"og_title":null,"og_description":null,"og_object_type":"default","og_image_type":"default","og_image_url":null,"og_image_width":null,"og_image_height":null,"og_image_custom_url":null,"og_image_custom_fields":null,"og_video":"","og_custom_url":null,"og_article_section":null,"og_article_tags":null,"twitter_use_og":false,"twitter_card":"default","twitter_image_type":"default","twitter_image_url":null,"twitter_image_custom_url":null,"twitter_image_custom_fields":null,"twitter_title":null,"twitter_description":null,"schema":{"blockGraphs":[],"customGraphs":[],"default":{"data":{"Article":[],"Course":[],"Dataset":[],"FAQPage":[],"Movie":[],"Person":[],"Product":[],"ProductReview":[],"Car":[],"Recipe":[],"Service":[],"SoftwareApplication":[],"WebPage":[]},"graphName":"WebPage","isEnabled":true},"graphs":[]},"schema_type":"default","schema_type_options":null,"pillar_content":false,"robots_default":true,"robots_noindex":false,"robots_noarchive":false,"robots_nosnippet":false,"robots_nofollow":false,"robots_noimageindex":false,"robots_noodp":false,"robots_notranslate":false,"robots_max_snippet":"-1","robots_max_videopreview":"-1","robots_max_imagepreview":"large","priority":null,"frequency":"default","local_seo":null,"breadcrumb_settings":null,"limit_modified_date":false,"ai":null,"created":"2024-07-20 18:57:21","updated":"2025-09-19 01:43:33","seo_analyzer_scan_date":null,"focus_keyword":null,"additional_keywords":null,"truseo_locale":null},"aioseo_breadcrumb":"<div class=\"aioseo-breadcrumbs\"><span class=\"aioseo-breadcrumb\">\n\t\t\t<a href=\"https:\/\/conjuntoheritagetaller.net\/es\/\" title=\"Home\">Home<\/a>\n\t\t<\/span><span class=\"aioseo-breadcrumb-separator\">&raquo;<\/span><span class=\"aioseo-breadcrumb\">\n\t\t\tConjunto in the Community\n\t\t<\/span><\/div>","aioseo_breadcrumb_json":[{"label":"Home","link":"https:\/\/conjuntoheritagetaller.net\/es\/"},{"label":"Conjunto in the Community","link":"https:\/\/conjuntoheritagetaller.net\/es\/conjunto-in-the-community\/"}],"jetpack_shortlink":"https:\/\/wp.me\/PgOMGb-1190","ticketed":false,"_links":{"self":[{"href":"https:\/\/conjuntoheritagetaller.net\/es\/wp-json\/wp\/v2\/pages\/242730","targetHints":{"allow":["GET"]}}],"collection":[{"href":"https:\/\/conjuntoheritagetaller.net\/es\/wp-json\/wp\/v2\/pages"}],"about":[{"href":"https:\/\/conjuntoheritagetaller.net\/es\/wp-json\/wp\/v2\/types\/page"}],"author":[{"embeddable":true,"href":"https:\/\/conjuntoheritagetaller.net\/es\/wp-json\/wp\/v2\/users\/1"}],"replies":[{"embeddable":true,"href":"https:\/\/conjuntoheritagetaller.net\/es\/wp-json\/wp\/v2\/comments?post=242730"}],"version-history":[{"count":10,"href":"https:\/\/conjuntoheritagetaller.net\/es\/wp-json\/wp\/v2\/pages\/242730\/revisions"}],"predecessor-version":[{"id":366470,"href":"https:\/\/conjuntoheritagetaller.net\/es\/wp-json\/wp\/v2\/pages\/242730\/revisions\/366470"}],"wp:attachment":[{"href":"https:\/\/conjuntoheritagetaller.net\/es\/wp-json\/wp\/v2\/media?parent=242730"}],"curies":[{"name":"wp","href":"https:\/\/api.w.org\/{rel}","templated":true}]}}